{"id":5572,"date":"2023-07-06T11:00:51","date_gmt":"2023-07-06T09:00:51","guid":{"rendered":"https:\/\/novaweb.acaes.net\/?post_type=tribe_events&#038;p=5572"},"modified":"2023-09-20T11:01:53","modified_gmt":"2023-09-20T09:01:53","slug":"almuerzo-coloquio-con-da-neus-colet-directora-de-la-direccion-general-de-contratacion-publica-de-la-generalitat-de-cataluna","status":"publish","type":"tribe_events","link":"https:\/\/acaes.net\/ca\/actos\/almuerzo-coloquio-con-da-neus-colet-directora-de-la-direccion-general-de-contratacion-publica-de-la-generalitat-de-cataluna\/","title":{"rendered":"Almuerzo-coloquio con D\u00aa. Neus Colet, Directora de la Direcci\u00f3n General de Contrataci\u00f3n P\u00fablica de la Generalitat de Catalu\u00f1a"},"content":{"rendered":"<p>El pasado 6 de julio ACAES asisti\u00f3, como miembro de la Junta Directiva de Acede, en el almuerzo-coloquio con D\u00aa. Neus Colet, Directora de la Direcci\u00f3n General de Contrataci\u00f3n P\u00fablica de la Generalitat de Catalu\u00f1a. Durante el acto pudimos tratar las inquietudes del sector de la seguridad privada en relaci\u00f3n al acuerdo marco de servicios de vigilancia de la Generalitat, las funciones del Comit\u00e9 mixto de seguimiento, y las dificultades de las empresas principalmente por lo que hace a las consecuencias de la SEntencia Somoza, a la subrogaci\u00f3n del personal, y al seguimiento de la contrataci\u00f3n.<\/p>","protected":false},"excerpt":{"rendered":"<p>El pasado 6 de julio ACAES asisti\u00f3, como miembro de la Junta Directiva de Acede, en el almuerzo-coloquio con D\u00aa. Neus Colet, Directora de la Direcci\u00f3n General de Contrataci\u00f3n P\u00fablica [&hellip;]<\/p>\n","protected":false},"author":4,"featured_media":5573,"template":"","meta":{"_tribe_events_status":"","_tribe_events_status_reason":"","footnotes":"","_members_access_role":[],"_members_access_error":""},"tags":[],"tribe_events_cat":[48],"class_list":["post-5572","tribe_events","type-tribe_events","status-publish","has-post-thumbnail","hentry","tribe_events_cat-num-126-julio-2023","cat_num-126-julio-2023"],"_links":{"self":[{"href":"https:\/\/acaes.net\/ca\/wp-json\/wp\/v2\/tribe_events\/5572","targetHints":{"allow":["GET"]}}],"collection":[{"href":"https:\/\/acaes.net\/ca\/wp-json\/wp\/v2\/tribe_events"}],"about":[{"href":"https:\/\/acaes.net\/ca\/wp-json\/wp\/v2\/types\/tribe_events"}],"author":[{"embeddable":true,"href":"https:\/\/acaes.net\/ca\/wp-json\/wp\/v2\/users\/4"}],"version-history":[{"count":1,"href":"https:\/\/acaes.net\/ca\/wp-json\/wp\/v2\/tribe_events\/5572\/revisions"}],"predecessor-version":[{"id":5574,"href":"https:\/\/acaes.net\/ca\/wp-json\/wp\/v2\/tribe_events\/5572\/revisions\/5574"}],"wp:featuredmedia":[{"embeddable":true,"href":"https:\/\/acaes.net\/ca\/wp-json\/wp\/v2\/media\/5573"}],"wp:attachment":[{"href":"https:\/\/acaes.net\/ca\/wp-json\/wp\/v2\/media?parent=5572"}],"wp:term":[{"taxonomy":"post_tag","embeddable":true,"href":"https:\/\/acaes.net\/ca\/wp-json\/wp\/v2\/tags?post=5572"},{"taxonomy":"tribe_events_cat","embeddable":true,"href":"https:\/\/acaes.net\/ca\/wp-json\/wp\/v2\/tribe_events_cat?post=5572"}],"curies":[{"name":"wp","href":"https:\/\/api.w.org\/{rel}","templated":true}]}}