{"id":6273,"date":"2024-01-24T09:38:59","date_gmt":"2024-01-24T08:38:59","guid":{"rendered":"https:\/\/acaes.net\/?post_type=tribe_events&#038;p=6273"},"modified":"2025-06-26T11:57:55","modified_gmt":"2025-06-26T09:57:55","slug":"coloquio-con-el-conseller-de-interior-joan-ignasi-elena","status":"publish","type":"tribe_events","link":"https:\/\/acaes.net\/ca\/actos\/coloquio-con-el-conseller-de-interior-joan-ignasi-elena\/","title":{"rendered":"Col\u00b7loqui amb el Conseller d'Interior, Joan Ignasi Elena"},"content":{"rendered":"<p><span style=\"vertical-align: inherit;\"><span style=\"vertical-align: inherit;\">ACAES va assistir al col\u00b7loqui organitzat per Acede, amb el Conseller d'Interior, Joan Ignasi Elena, amb qui vam poder debatre sobre el model de seguretat p\u00fablica de Catalunya, la percepci\u00f3 de seguretat i la seva implicaci\u00f3 en la inversi\u00f3 econ\u00f2mica, com afecten les decisions del Departament de Interior al teixit empresarial i al sector de la seguretat privada. En aquest darrer \u00e0mbit ACAES va fer arribar al Conseller les inquietuds i les necessitats del sector i la necessitat d'una col\u00b7laboraci\u00f3 efectiva i eficient. A l'acte tamb\u00e9 hi va assistir Sonia Andolz, Director General de la DGAS.<\/span><\/span><\/p>\n<p>&nbsp;<\/p>","protected":false},"excerpt":{"rendered":"<p>ACAES asisti\u00f3 al coloquio organizado por Acede, con el Conseller de Interior, Joan Ignasi Elena, con quien pudimos debatir sobre el modelo de seguridad p\u00fablica de Catalu\u00f1a, la percepci\u00f3n de [&hellip;]<\/p>\n","protected":false},"author":140,"featured_media":6274,"template":"","meta":{"_tribe_events_status":"","_tribe_events_status_reason":"","footnotes":""},"tags":[],"tribe_events_cat":[55],"class_list":["post-6273","tribe_events","type-tribe_events","status-publish","has-post-thumbnail","hentry","tribe_events_cat-num-130-enero-2024","cat_num-130-enero-2024"],"_links":{"self":[{"href":"https:\/\/acaes.net\/ca\/wp-json\/wp\/v2\/tribe_events\/6273","targetHints":{"allow":["GET"]}}],"collection":[{"href":"https:\/\/acaes.net\/ca\/wp-json\/wp\/v2\/tribe_events"}],"about":[{"href":"https:\/\/acaes.net\/ca\/wp-json\/wp\/v2\/types\/tribe_events"}],"author":[{"embeddable":true,"href":"https:\/\/acaes.net\/ca\/wp-json\/wp\/v2\/users\/140"}],"version-history":[{"count":1,"href":"https:\/\/acaes.net\/ca\/wp-json\/wp\/v2\/tribe_events\/6273\/revisions"}],"predecessor-version":[{"id":6275,"href":"https:\/\/acaes.net\/ca\/wp-json\/wp\/v2\/tribe_events\/6273\/revisions\/6275"}],"wp:featuredmedia":[{"embeddable":true,"href":"https:\/\/acaes.net\/ca\/wp-json\/wp\/v2\/media\/6274"}],"wp:attachment":[{"href":"https:\/\/acaes.net\/ca\/wp-json\/wp\/v2\/media?parent=6273"}],"wp:term":[{"taxonomy":"post_tag","embeddable":true,"href":"https:\/\/acaes.net\/ca\/wp-json\/wp\/v2\/tags?post=6273"},{"taxonomy":"tribe_events_cat","embeddable":true,"href":"https:\/\/acaes.net\/ca\/wp-json\/wp\/v2\/tribe_events_cat?post=6273"}],"curies":[{"name":"wp","href":"https:\/\/api.w.org\/{rel}","templated":true}]}}